{"id":6504,"date":"2025-05-23T15:51:19","date_gmt":"2025-05-23T13:51:19","guid":{"rendered":"https:\/\/waldorfcampus-hn.de\/?page_id=6504"},"modified":"2025-06-29T15:37:11","modified_gmt":"2025-06-29T13:37:11","slug":"datenschutz-barrierefrei","status":"publish","type":"page","link":"https:\/\/waldorfcampus-hn.de\/einfach\/datenschutz-barrierefrei\/","title":{"rendered":"Datenschutz barrierefrei"},"content":{"rendered":"<div data-elementor-type=\"wp-page\" data-elementor-id=\"6504\" class=\"elementor elementor-6504\">\n\t\t\t\t<div class=\"elementor-element elementor-element-0eee1a2 e-flex e-con-boxed e-con e-parent\" data-id=\"0eee1a2\" data-element_type=\"container\" data-settings=\"{&quot;background_background&quot;:&quot;classic&quot;}\">\n\t\t\t\t\t<div class=\"e-con-inner\">\n\t\t<div class=\"elementor-element elementor-element-1c6631b e-con-full e-flex e-con e-child\" data-id=\"1c6631b\" data-element_type=\"container\">\n\t\t<div class=\"elementor-element elementor-element-f53b124 e-grid e-con-full e-con e-child\" data-id=\"f53b124\" data-element_type=\"container\">\n\t\t\t\t<div class=\"elementor-element elementor-element-7d6f6d2 elementor-widget elementor-widget-menu-anchor\" data-id=\"7d6f6d2\" data-element_type=\"widget\" data-widget_type=\"menu-anchor.default\">\n\t\t\t\t<div class=\"elementor-widget-container\">\n\t\t\t\t\t\t\t<div class=\"elementor-menu-anchor\" id=\"Anfang\"><\/div>\n\t\t\t\t\t\t<\/div>\n\t\t\t\t<\/div>\n\t\t\t\t<div class=\"elementor-element elementor-element-e35254d elementor-widget elementor-widget-image\" data-id=\"e35254d\" data-element_type=\"widget\" data-widget_type=\"image.default\">\n\t\t\t\t<div class=\"elementor-widget-container\">\n\t\t\t\t\t\t\t\t\t\t\t\t\t\t\t\t<a href=\"https:\/\/waldorfcampus-hn.de\/einfach\/\">\n\t\t\t\t\t\t\t<img fetchpriority=\"high\" decoding=\"async\" width=\"1024\" height=\"1024\" src=\"https:\/\/waldorfcampus-hn.de\/wp-content\/uploads\/2023\/02\/waldorfcampus-heilbronn-logo.svg\" class=\"attachment-large size-large wp-image-194\" alt=\"\" \/>\t\t\t\t\t\t\t\t<\/a>\n\t\t\t\t\t\t\t\t\t\t\t\t\t\t\t<\/div>\n\t\t\t\t<\/div>\n\t\t\t\t<\/div>\n\t\t\t\t<div class=\"elementor-element elementor-element-5d319f8 elementor-align-center elementor-widget elementor-widget-button\" data-id=\"5d319f8\" data-element_type=\"widget\" data-widget_type=\"button.default\">\n\t\t\t\t<div class=\"elementor-widget-container\">\n\t\t\t\t\t\t\t\t\t<div class=\"elementor-button-wrapper\">\n\t\t\t\t\t<a class=\"elementor-button elementor-button-link elementor-size-sm\" href=\"https:\/\/waldorfcampus-hn.de\/einfach\/barrierefreimenu\/\">\n\t\t\t\t\t\t<span class=\"elementor-button-content-wrapper\">\n\t\t\t\t\t\t\t\t\t<span class=\"elementor-button-text\">ZUR\u00dcCK ZUM BARRIEREFREIEN MEN\u00dc<\/span>\n\t\t\t\t\t<\/span>\n\t\t\t\t\t<\/a>\n\t\t\t\t<\/div>\n\t\t\t\t\t\t\t\t<\/div>\n\t\t\t\t<\/div>\n\t\t\t\t<div class=\"elementor-element elementor-element-c4bebcf elementor-widget elementor-widget-image\" data-id=\"c4bebcf\" data-element_type=\"widget\" data-widget_type=\"image.default\">\n\t\t\t\t<div class=\"elementor-widget-container\">\n\t\t\t\t\t\t\t\t\t\t\t\t\t\t\t<img decoding=\"async\" width=\"1024\" height=\"1024\" src=\"https:\/\/waldorfcampus-hn.de\/wp-content\/uploads\/2023\/03\/waldorfcampus-orga-kita-trennlinie-2.svg\" class=\"attachment-large size-large wp-image-2054\" alt=\"\" \/>\t\t\t\t\t\t\t\t\t\t\t\t\t\t\t<\/div>\n\t\t\t\t<\/div>\n\t\t\t\t<div class=\"elementor-element elementor-element-7f3d24c elementor-widget elementor-widget-text-editor\" data-id=\"7f3d24c\" data-element_type=\"widget\" data-widget_type=\"text-editor.default\">\n\t\t\t\t<div class=\"elementor-widget-container\">\n\t\t\t\t\t\t\t\t\t<h4 style=\"text-align: center;\">Datenschutzerkl\u00e4rung<\/h4>\t\t\t\t\t\t\t\t<\/div>\n\t\t\t\t<\/div>\n\t\t\t\t<\/div>\n\t\t\t\t<div class=\"elementor-element elementor-element-640be46 elementor-widget elementor-widget-text-editor\" data-id=\"640be46\" data-element_type=\"widget\" data-widget_type=\"text-editor.default\">\n\t\t\t\t<div class=\"elementor-widget-container\">\n\t\t\t\t\t\t\t\t\t<p><strong>1. Datenschutz auf einen Blick<\/strong><\/p><p><strong>Allgemeine Hinweise<\/strong><\/p><p>Die folgenden Hinweise geben einen einfachen \u00dcberblick dar\u00fcber, was mit Ihren personenbezogenen Daten passiert, wenn Sie diese Website besuchen. Personenbezogene Daten sind alle Daten, mit denen Sie pers\u00f6nlich identifiziert werden k\u00f6nnen. Ausf\u00fchrliche Informationen zum Thema Datenschutz entnehmen Sie unserer unter diesem Text aufgef\u00fchrten Datenschutzerkl\u00e4rung.<\/p><p><strong>Datenerfassung auf dieser Website<\/strong><\/p><p><strong>Wer ist verantwortlich f\u00fcr die Datenerfassung auf dieser Website?<\/strong><\/p><p>Die Datenverarbeitung auf dieser Website erfolgt durch den Websitebetreiber. Dessen Kontaktdaten k\u00f6nnen Sie dem Abschnitt \u201eHinweis zur Verantwortlichen Stelle\u201c in dieser Datenschutzerkl\u00e4rung entnehmen.<\/p><p><strong>Wie erfassen wir Ihre Daten?<\/strong><\/p><p>Ein Teil der Daten wird erhoben, um eine fehlerfreie Bereitstellung der Website zu gew\u00e4hrleisten. Andere Daten k\u00f6nnen zur Analyse Ihres Nutzerverhaltens verwendet werden. Sofern \u00fcber die Website Vertr\u00e4ge geschlossen oder angebahnt werden k\u00f6nnen, werden die \u00fcbermittelten Daten auch f\u00fcr Vertragsangebote, Bestellungen oder sonstige Auftragsanfragen verarbeitet.<\/p><p><strong>Welche Rechte haben Sie bez\u00fcglich Ihrer Daten?<\/strong><\/p><p>Sie haben jederzeit das Recht, unentgeltlich Auskunft \u00fcber Herkunft, Empf\u00e4nger und Zweck Ihrer gespeicherten personenbezogenen Daten zu erhalten. Sie haben au\u00dferdem ein Recht, die Berichtigung oder L\u00f6schung dieser Daten zu verlangen. Wenn Sie eine Einwilligung zur Datenverarbeitung erteilt haben, k\u00f6nnen Sie diese Einwilligung jederzeit f\u00fcr die Zukunft widerrufen. Au\u00dferdem haben Sie das Recht, unter bestimmten Umst\u00e4nden die Einschr\u00e4nkung der Verarbeitung Ihrer personenbezogenen Daten zu verlangen. Des Weiteren steht Ihnen ein Beschwerderecht bei der zust\u00e4ndigen Aufsichtsbeh\u00f6rde zu. Hierzu sowie zu weiteren Fragen zum Thema Datenschutz k\u00f6nnen Sie sich jederzeit an uns wenden.<\/p><p><strong>2. Hosting<\/strong><\/p><p>Wir hosten die Inhalte unserer Website beim folgenden Anbieter:\u00a0<strong>IONOS SE<\/strong><br \/>Anbieter ist die IONOS SE<br \/>Elgendorfer Str. 57<br \/>56410 Montabaur<\/p><p>Wenn Sie unsere Website besuchen, erfasst IONOS verschiedene Logfiles inklusive Ihrer IP-Adressen. Details entnehmen Sie der Datenschutzerkl\u00e4rung von IONOS:\u00a0<span role=\"gridcell\"><a class=\"x1i10hfl xjbqb8w x1ejq31n xd10rxx x1sy0etr x17r0tee x972fbf xcfux6l x1qhh985 xm0m39n x9f619 x1ypdohk xt0psk2 xe8uvvx xdj266r x11i5rnm xat24cr x1mh8g0r xexx8yu x4uap5 x18d9i69 xkhd6sd x16tdsg8 xggy1nq x1a2a7pz xkrqix3 x1sur9pj x1s688f x7l2uk3 x1bvjpef\" tabindex=\"0\" role=\"link\" href=\"https:\/\/www.ionos.de\/terms-gtc\/terms-privacy\" target=\"_blank\" rel=\"nofollow noopener\">https:\/\/www.ionos.de\/terms-gtc\/terms-privacy<\/a><\/span>. Die Verwendung von IONOS erfolgt auf Grundlage von Art. 6 Abs. 1 lit. f DSGVO. Wir haben ein berechtigtes Interesse an einer m\u00f6glichst zuverl\u00e4ssigen Darstellung unserer Website. Sofern eine entsprechende Einwilligung abgefragt wurde, erfolgt die Verarbeitung ausschlie\u00dflich auf Grundlage von Art. 6 Abs. 1 lit. a DSGVO und \u00a7 25 Abs. 1 TDDDG, soweit die Einwilligung die Speicherung von Cookies oder den Zugriff auf Informationen im Endger\u00e4t des Nutzers (z. B. Device-Fingerprinting) im Sinne des TDDDG umfasst. Die Einwilligung ist jederzeit widerrufbar.<\/p><p><strong>Auftragsverarbeitung<\/strong><\/p><p>Wir haben einen Vertrag \u00fcber Auftragsverarbeitung (AVV) zur Nutzung des oben genannten Dienstes geschlossen. Hierbei handelt es sich um einen datenschutzrechtlich vorgeschriebenen Vertrag, der gew\u00e4hrleistet, dass dieser die personenbezogenen Daten unserer Websitebesucher nur nach unseren Weisungen und unter Einhaltung der DSGVO verarbeitet.<\/p><p><strong>3. Allgemeine Hinweise und Pflicht Informationen Datenschutz<\/strong><\/p><p>Die Betreiber dieser Seiten nehmen den Schutz Ihrer pers\u00f6nlichen Daten sehr ernst. Wir behandeln Ihre personenbezogenen Daten vertraulich und entsprechend den gesetzlichen Datenschutzvorschriften sowie dieser Datenschutzerkl\u00e4rung. Wenn Sie diese Website benutzen, werden verschiedene personenbezogene Daten erhoben. Personenbezogene Daten sind Daten, mit denen Sie pers\u00f6nlich identifiziert werden k\u00f6nnen. Die vorliegende Datenschutzerkl\u00e4rung erl\u00e4utert, welche Daten wir erheben und wof\u00fcr wir sie nutzen. Sie erl\u00e4utert auch, wie und zu welchem Zweck das geschieht. Wir weisen darauf hin, dass die Daten\u00fcbertragung im Internet (z. B. bei der Kommunikation per E-Mail) Sicherheitsl\u00fccken aufweisen kann. Ein l\u00fcckenloser Schutz der Daten vor dem Zugriff durch Dritte ist nicht m\u00f6glich.<\/p><p><strong>Hinweis zur verantwortlichen Stelle<\/strong><\/p><p>Die verantwortliche Stelle f\u00fcr die Datenverarbeitung auf dieser Website ist:<br \/>Verein f\u00fcr Waldorfp\u00e4dagogik Unterland e.V.<br \/>Max-von-Laue-Str. 4<br \/>74081 Heilbronn<br \/>Telefon: <a href=\"tel:071315895110\">07131 58 951 10<\/a><br \/>E-Mail:\u00a0<a href=\"mailto:post@waldorfcampus-hn.de\">post@waldorfcampus-hn.de<\/a><\/p><p>Verantwortliche Stelle ist die nat\u00fcrliche oder juristische Person, die allein oder gemeinsam mit anderen \u00fcber die Zwecke und Mittel der Verarbeitung von personenbezogenen Daten (z. B. Namen, E-Mail-Adressen o. \u00c4.) entscheidet.<\/p><p><strong>Speicherdauer<\/strong><\/p><p>Soweit innerhalb dieser Datenschutzerkl\u00e4rung keine speziellere Speicherdauer genannt wurde, verbleiben Ihre personenbezogenen Daten bei uns, bis der Zweck f\u00fcr die Datenverarbeitung entf\u00e4llt. Wenn Sie ein berechtigtes L\u00f6schersuchen geltend machen oder eine Einwilligung zur Datenverarbeitung widerrufen, werden Ihre Daten gel\u00f6scht, sofern wir keine anderen rechtlich zul\u00e4ssigen Gr\u00fcnde f\u00fcr die Speicherung Ihrer personenbezogenen Daten haben (z. B. steuer- oder handelsrechtliche Aufbewahrungsfristen); im letztgenannten Fall erfolgt die L\u00f6schung nach Fortfall dieser Gr\u00fcnde.<\/p><p><strong>Allgemeine Hinweise zu den Rechtsgrundlagen der Datenverarbeitung auf dieser Website<\/strong><\/p><p>Sofern Sie in die Datenverarbeitung eingewilligt haben, verarbeiten wir Ihre personenbezogenen Daten auf Grundlage von Art. 6 Abs. 1 lit. a DSGVO bzw. Art. 9 Abs. 2 lit. a DSGVO, sofern besondere Datenkategorien nach Art. 9 Abs. 1 DSGVO verarbeitet werden. Im Falle einer ausdr\u00fccklichen Einwilligung in die \u00dcbertragung personenbezogener Daten in Drittstaaten erfolgt die Datenverarbeitung au\u00dferdem auf Grundlage von Art. 49 Abs. 1 lit. a DSGVO. Sofern Sie in die Speicherung von Cookies oder in den Zugriff auf Informationen in Ihr Endger\u00e4t (z. B. via Device-Fingerprinting) eingewilligt haben, erfolgt die Datenverarbeitung zus\u00e4tzlich auf Grundlage von \u00a7 25 Abs. 1 TDDDG. Die Einwilligung ist jederzeit widerrufbar. Sind Ihre Daten zur Vertragserf\u00fcllung oder zur Durchf\u00fchrung vorvertraglicher Ma\u00dfnahmen erforderlich, verarbeiten wir Ihre Daten auf Grundlage des Art. 6 Abs. 1 lit. b DSGVO. Des Weiteren verarbeiten wir Ihre Daten, sofern diese zur Erf\u00fcllung einer rechtlichen Verpflichtung erforderlich sind auf Grundlage von Art. 6 Abs. 1 lit. c DSGVO. Die Datenverarbeitung kann ferner auf Grundlage unseres berechtigten Interesses nach Art. 6 Abs. 1 lit. f DSGVO erfolgen. \u00dcber die jeweils im Einzelfall einschl\u00e4gigen Rechtsgrundlagen wird in den folgenden Abs\u00e4tzen dieser Datenschutzerkl\u00e4rung informiert.<\/p><p><strong>Datenschutzbeauftragte<\/strong><\/p><p>Wir haben einen Datenschutzbeauftragten benannt.<br \/>Maka Abshilava<br \/>Abshilava Datenschutzl\u00f6sungen<br \/>Herrensteige 2 97980<br \/>Bad Mergentheim<br \/>Telefon: <a href=\"tel:079314986300\">07931 498630 0<\/a><br \/>E-Mail:\u00a0<a href=\"mailto:datenschutz@waldorfcampus-hn.de\">datenschutz@waldorfcampus-hn.de<\/a><\/p><p><strong>Emp\u00e4nger von personenbezogenen Daten<\/strong><\/p><p>Im Rahmen unserer Gesch\u00e4ftst\u00e4tigkeit arbeiten wir mit verschiedenen externen Stellen zusammen. Dabei ist teilweise auch eine \u00dcbermittlung von personenbezogenen Daten an diese externen Stellen erforderlich. Wir geben personenbezogene Daten nur dann an externe Stellen weiter, wenn dies im Rahmen einer Vertragserf\u00fcllung erforderlich ist, wenn wir gesetzlich hierzu verpflichtet sind (z. B. Weitergabe von Daten an Steuerbeh\u00f6rden), wenn wir ein berechtigtes Interesse nach Art. 6 Abs. 1 lit. f DSGVO an der Weitergabe haben oder wenn eine sonstige Rechtsgrundlage die Datenweitergabe erlaubt. Beim Einsatz von Auftragsverarbeitern geben wir personenbezogene Daten unserer Kunden nur auf Grundlage eines g\u00fcltigen Vertrags \u00fcber Auftragsverarbeitung weiter. Im Falle einer gemeinsamen Verarbeitung wird ein Vertrag \u00fcber gemeinsame Verarbeitung geschlossen.<\/p><p><strong>Widerruf Ihrer Einwilligung zur Datenverarbeitung<\/strong><\/p><p>Viele Datenverarbeitungsvorg\u00e4nge sind nur mit Ihrer ausdr\u00fccklichen Einwilligung m\u00f6glich. Sie k\u00f6nnen eine bereits erteilte Einwilligung jederzeit widerrufen. Die Rechtm\u00e4\u00dfigkeit der bis zum Widerruf erfolgten Datenverarbeitung bleibt vom Widerruf unber\u00fchrt.<\/p><p>Widerspruchsrecht gegen die Datenerhebung in besonderen F\u00e4llen sowie gegen Direktwerbung (Art. 21 DSGVO)<\/p><p><strong>Beschwerderecht bei der zust\u00e4ndigen Aufsichtsbeh\u00f6rde<\/strong><\/p><p>Im Falle von Verst\u00f6\u00dfen gegen die DSGVO steht den Betroffenen ein Beschwerderecht bei einer Aufsichtsbeh\u00f6rde, insbesondere in dem Mitgliedstaat ihres gew\u00f6hnlichen Aufenthalts, ihres Arbeitsplatzes oder des Orts des mutma\u00dflichen Versto\u00dfes zu. Das Beschwerderecht besteht unbeschadet anderweitiger verwaltungsrechtlicher oder gerichtlicher Rechtsbehelfe.<\/p><p><strong>Recht auf Daten\u00fcbertragung<\/strong><\/p><p>Sie haben das Recht, Daten, die wir auf Grundlage Ihrer Einwilligung oder in Erf\u00fcllung eines Vertrags automatisiert verarbeiten, an sich oder an einen Dritten in einem g\u00e4ngigen, maschinenlesbaren Format aush\u00e4ndigen zu lassen. Sofern Sie die direkte \u00dcbertragung der Daten an einen anderen Verantwortlichen verlangen, erfolgt dies nur, soweit es technisch machbar ist.<\/p><p><strong>Auskunft, Berechtigung und L\u00f6schung<\/strong><\/p><p>Sie haben im Rahmen der geltenden gesetzlichen Bestimmungen jederzeit das Recht auf unentgeltliche Auskunft \u00fcber Ihre gespeicherten personenbezogenen Daten, deren Herkunft und Empf\u00e4nger und den Zweck der Datenverarbeitung und ggf. ein Recht auf Berichtigung oder L\u00f6schung dieser Daten. Hierzu sowie zu weiteren Fragen zum Thema personenbezogene Daten k\u00f6nnen Sie sich jederzeit an uns wenden.<\/p><p><strong>Erhebung von Zugriffsdaten und Logfiles<\/strong><\/p><div class=\"fusion-text fusion-text-19\"><p>Wir, bzw. unser Hostinganbieter, erhebt auf Grundlage unserer berechtigten Interessen im Sinne des Art. 6 Abs. 1 lit. f. DSGVO Daten \u00fcber jeden Zugriff auf den Server, auf dem sich dieser Dienst befindet (sogenannte Serverlogfiles). Zu den Zugriffsdaten geh\u00f6ren Name der abgerufenen Webseite, Datei, Datum und Uhrzeit des Abrufs, \u00fcbertragene Datenmenge, Meldung \u00fcber erfolgreichen Abruf, Browsertyp nebst Version, das Betriebssystem des Nutzers, Referrer URL (die zuvor besuchte Seite), IP-Adresse und der anfragende Provider.<\/p><p>Logfile-Informationen werden aus Sicherheitsgr\u00fcnden (z.B. zur Aufkl\u00e4rung von Missbrauchs- oder Betrugshandlungen) f\u00fcr die Dauer von maximal 7 Tagen gespeichert und danach gel\u00f6scht. Daten, deren weitere Aufbewahrung zu Beweiszwecken erforderlich ist, sind bis zur endg\u00fcltigen Kl\u00e4rung des jeweiligen Vorfalls von der L\u00f6schung ausgenommen.<\/p><p><strong>Recht auf Einschr\u00e4nkung der Verarbeitung<\/strong><\/p><p>Sie haben das Recht, die Einschr\u00e4nkung der Verarbeitung Ihrer personenbezogenen Daten zu verlangen. Hierzu k\u00f6nnen Sie sich jederzeit an uns wenden. Das Recht auf Einschr\u00e4nkung der Verarbeitung besteht in folgenden F\u00e4llen:<br \/>\u2022 Wenn Sie die Richtigkeit Ihrer bei uns gespeicherten personenbezogenen Daten bestreiten, ben\u00f6tigen wir in der Regel Zeit, um dies zu \u00fcberpr\u00fcfen.<br \/>F\u00fcr die Dauer der Pr\u00fcfung haben Sie das Recht, die Einschr\u00e4nkung der Verarbeitung Ihrer personenbezogenen Daten zu verlangen.<br \/>\u2022 Wenn die Verarbeitung Ihrer personenbezogenen Daten unrechtm\u00e4\u00dfig geschah\/geschieht, k\u00f6nnen Sie statt der L\u00f6schung die Einschr\u00e4nkung der Datenverarbeitung verlangen.<br \/>\u2022 Wenn wir Ihre personenbezogenen Daten nicht mehr ben\u00f6tigen, Sie sie jedoch zur Aus\u00fcbung, Verteidigung oder Geltendmachung von Rechtsanspr\u00fcchen ben\u00f6tigen, haben Sie das Recht, statt der L\u00f6schung die Einschr\u00e4nkung der Verarbeitung Ihrer personenbezogenen Daten zu verlangen.<br \/>\u2022 Wenn Sie einen Widerspruch nach Art. 21 Abs. 1 DSGVO eingelegt haben, muss eine Abw\u00e4gung zwischen Ihren und unseren Interessen vorgenommen werden. Solange noch nicht feststeht, wessen Interessen \u00fcberwiegen, haben Sie das Recht, die Einschr\u00e4nkung der Verarbeitung Ihrer personenbezogenen Daten zu verlangen.<\/p><p>Wenn Sie die Verarbeitung Ihrer personenbezogenen Daten eingeschr\u00e4nkt haben, d\u00fcrfen diese Daten \u2013 von ihrer Speicherung abgesehen \u2013 nur mit Ihrer Einwilligung oder zur Geltendmachung, Aus\u00fcbung oder Verteidigung von Rechtsanspr\u00fcchen oder zum Schutz der Rechte einer anderen nat\u00fcrlichen oder juristischen Person oder aus Gr\u00fcnden eines wichtigen \u00f6ffentlichen Interesses der Europ\u00e4ischen Union oder eines Mitgliedstaats verarbeitet werden.<\/p><p><strong>SSL- bzw. TLS-Verschl\u00fcsselung<\/strong><\/p><p>Diese Seite nutzt aus Sicherheitsgr\u00fcnden und zum Schutz der \u00dcbertragung vertraulicher Inhalte, wie zum Beispiel Bestellungen oder Anfragen, die Sie an uns als Seitenbetreiber senden, eine SSL- bzw. TLS-Verschl\u00fcsselung. Eine verschl\u00fcsselte Verbindung erkennen Sie daran, dass die Adresszeile des Browsers von \u201ehttp:\/\/\u201c auf \u201ehttps:\/\/\u201c wechselt und an dem Schloss-Symbol in Ihrer Browserzeile. Wenn die SSL- bzw. TLS-Verschl\u00fcsselung aktiviert ist, k\u00f6nnen die Daten, die Sie an uns \u00fcbermitteln, nicht von Dritten mitgelesen werden.<\/p><p><strong>Widerspruch gegen Werbe-E-Mails<\/strong><\/p><p>Der Nutzung von im Rahmen der Impressumspflicht ver\u00f6ffentlichten Kontaktdaten zur \u00dcbersendung von nicht ausdr\u00fccklich angeforderter Werbung und Informationsmaterialien wird hiermit widersprochen. Die Betreiber der Seiten behalten sich ausdr\u00fccklich rechtliche Schritte im Falle der unverlangten Zusendung von Werbeinformationen, etwa durch Spam-E-Mails, vor.<\/p><p><strong>4. Datenerfassung auf dieser Website<\/strong><\/p><p><strong>Server-Log-Dateien<\/strong><\/p><p>Der Provider der Seiten erhebt und speichert automatisch Informationen in so genannten Server-Log-Dateien, die Ihr Browser automatisch an uns \u00fcbermittelt. Dies sind:<br \/>\u2022 Browsertyp und Browserversion<br \/>\u2022 verwendetes Betriebssystem<br \/>\u2022 Referrer URL<br \/>\u2022 Hostname des zugreifenden Rechners<br \/>\u2022 Uhrzeit der Serveranfrage<br \/>\u2022 IP-Adresse<\/p><p>Eine Zusammenf\u00fchrung dieser Daten mit anderen Datenquellen wird nicht vorgenommen. Die Erfassung dieser Daten erfolgt auf Grundlage von Art. 6 Abs. 1 lit. f DSGVO. Der Websitebetreiber hat ein berechtigtes Interesse an der technisch fehlerfreien Darstellung und der Optimierung seiner Website \u2013 hierzu m\u00fcssen die Server-Log-Files erfasst werden.<\/p><p><strong>Anfrage per E-Mail, Telefon oder Telefax<\/strong><\/p><p>Wenn Sie uns per E-Mail, Telefon oder Telefax kontaktieren, wird Ihre Anfrage inklusive aller daraus hervorgehenden personenbezogenen Daten (Name, Anfrage) zum Zwecke der Bearbeitung Ihres Anliegens bei uns gespeichert und verarbeitet. Diese Daten geben wir nicht ohne Ihre Einwilligung weiter. Die Verarbeitung dieser Daten erfolgt auf Grundlage von Art. 6 Abs. 1 lit. b DSGVO, sofern Ihre Anfrage mit der Erf\u00fcllung eines Vertrags zusammenh\u00e4ngt oder zur Durchf\u00fchrung vorvertraglicher Ma\u00dfnahmen erforderlich ist. In allen \u00fcbrigen F\u00e4llen beruht die Verarbeitung auf unserem berechtigten Interesse an der effektiven Bearbeitung der an uns gerichteten Anfragen (Art. 6 Abs. 1 lit. f DSGVO) oder auf Ihrer Einwilligung (Art. 6 Abs. 1 lit. a DSGVO) sofern diese abgefragt wurde; die Einwilligung ist jederzeit widerrufbar. Die von Ihnen an uns per Kontaktanfragen \u00fcbersandten Daten verbleiben bei uns, bis Sie uns zur L\u00f6schung auffordern, Ihre Einwilligung zur Speicherung widerrufen oder der Zweck f\u00fcr die Datenspeicherung entf\u00e4llt (z. B. nach abgeschlossener Bearbeitung Ihres Anliegens). Zwingende gesetzliche Bestimmungen \u2013 insbesondere gesetzliche Aufbewahrungsfristen \u2013 bleiben unber\u00fchrt.<\/p><p><strong>5. Newsletter<\/strong><\/p><p><strong>Newsletterdaten<\/strong><\/p><p>Wenn Sie den auf der Website angebotenen Newsletter beziehen m\u00f6chten, ben\u00f6tigen wir von Ihnen eine E-Mail-Adresse sowie Informationen, welche uns die \u00dcberpr\u00fcfung gestatten, dass Sie der Inhaber der angegebenen E-Mail-Adresse sind und mit dem Empfang des Newsletters einverstanden sind. Weitere Daten werden nicht bzw. nur auf freiwilliger Basis erhoben. Diese Daten verwenden wir ausschlie\u00dflich f\u00fcr den Versand der angeforderten Informationen und geben diese nicht an Dritte weiter. Die Verarbeitung der in das Newsletteranmeldeformular eingegebenen Daten erfolgt ausschlie\u00dflich auf Grundlage Ihrer Einwilligung (Art. 6 Abs. 1 lit. a DSGVO). Die erteilte Einwilligung zur Speicherung der Daten, der E-Mail-Adresse sowie deren Nutzung zum Versand des Newsletters k\u00f6nnen Sie jederzeit widerrufen, etwa \u00fcber den \u201eAustragen\u201c-Link im Newsletter. Die Rechtm\u00e4\u00dfigkeit der bereits erfolgten Datenverarbeitungsvorg\u00e4nge bleibt vom Widerruf unber\u00fchrt. Die von Ihnen zum Zwecke des Newsletter-Bezugs bei uns hinterlegten Daten werden von uns bis zu Ihrer Austragung aus dem Newsletter bei uns bzw. dem Newsletterdiensteanbieter gespeichert und nach der Abbestellung des Newsletters oder nach Zweckfortfall aus der Newsletterverteilerliste gel\u00f6scht. Wir behalten uns vor, E-Mail-Adressen aus unserem Newsletterverteiler nach eigenem Ermessen im Rahmen unseres berechtigten Interesses nach Art. 6 Abs. 1 lit. f DSGVO zu l\u00f6schen oder zu sperren. Daten, die zu anderen Zwecken bei uns gespeichert wurden, bleiben hiervon unber\u00fchrt. Nach Ihrer Austragung aus der Newsletterverteilerliste wird Ihre E-Mail-Adresse bei uns bzw. dem Newsletterdiensteanbieter ggf. in einer Blacklist gespeichert, sofern dies zur Verhinderung k\u00fcnftiger Mailings erforderlich ist. Die Daten aus der Blacklist werden nur f\u00fcr diesen Zweck verwendet und nicht mit anderen Daten zusammengef\u00fchrt. Dies dient sowohl Ihrem Interesse als auch unserem Interesse an der Einhaltung der gesetzlichen Vorgaben beim Versand von Newslettern (berechtigtes Interesse im Sinne des Art. 6 Abs. 1 lit. f DSGVO). Die Speicherung in der Blacklist ist zeitlich nicht befristet.<strong><br \/>Sie k\u00f6nnen der Speicherung widersprechen, sofern Ihre Interessen unser berechtigtes Interesse \u00fcberwiegen.<\/strong><\/p><p><strong>6. Eigene Dienste<\/strong><\/p><p><strong>Umgang mit Bewerberdaten<\/strong><\/p><p>Wir bieten Ihnen die M\u00f6glichkeit, sich bei uns zu bewerben (z. B. per E-Mail, postalisch oder via Online-Bewerberformular). Im Folgenden informieren wir Sie \u00fcber Umfang, Zweck und Verwendung Ihrer im Rahmen des Bewerbungsprozesses erhobenen personenbezogenen Daten. Wir versichern, dass die Erhebung, Verarbeitung und Nutzung Ihrer Daten in \u00dcbereinstimmung mit geltendem Datenschutzrecht und allen weiteren gesetzlichen Bestimmungen erfolgt und Ihre Daten streng vertraulich behandelt werden.<\/p><p><strong>Umfang und Zweck der Datenerhebung<\/strong><\/p><p>Wenn Sie uns eine Bewerbung zukommen lassen, verarbeiten wir Ihre damit verbundenen personenbezogenen Daten (z. B. Kontakt- und Kommunikationsdaten, Bewerbungsunterlagen, Notizen im Rahmen von Bewerbungsgespr\u00e4chen etc.), soweit dies zur Entscheidung \u00fcber die Begr\u00fcndung eines Besch\u00e4ftigungsverh\u00e4ltnisses erforderlich ist. Rechtsgrundlage hierf\u00fcr ist \u00a7 26 BDSG nach deutschem Recht (Anbahnung eines Besch\u00e4ftigungsverh\u00e4ltnisses), Art. 6 Abs. 1 lit. b DSGVO (allgemeine Vertragsanbahnung) und \u2013 sofern Sie eine Einwilligung erteilt haben \u2013 Art. 6 Abs. 1 lit. a DSGVO. Die Einwilligung ist jederzeit widerrufbar. Ihre personenbezogenen Daten werden innerhalb unseres Unternehmens ausschlie\u00dflich an Personen weitergegeben, die an der Bearbeitung Ihrer Bewerbung beteiligt sind. Sofern die Bewerbung erfolgreich ist, werden die von Ihnen eingereichten Daten auf Grundlage von \u00a7 26 BDSG und Art. 6 Abs. 1 lit. b DSGVO zum Zwecke der Durchf\u00fchrung des Besch\u00e4ftigungsverh\u00e4ltnisses in unseren Datenverarbeitungssystemen gespeichert.<\/p><p><strong>Aufbewahrungsdauer der Daten<\/strong><\/p><p>Sofern wir Ihnen kein Stellenangebot machen k\u00f6nnen, Sie ein Stellenangebot ablehnen oder Ihre Bewerbung zur\u00fcckziehen, behalten wir uns das Recht vor, die von Ihnen \u00fcbermittelten Daten auf Grundlage unserer berechtigten Interessen (Art. 6 Abs. 1 lit. f DSGVO) bis zu 6 Monate ab der Beendigung des Bewerbungsverfahrens (Ablehnung oder Zur\u00fcckziehung der Bewerbung) bei uns aufzubewahren. Anschlie\u00dfend werden die Daten gel\u00f6scht und die physischen Bewerbungsunterlagen vernichtet. Die Aufbewahrung dient insbesondere Nachweiszwecken im Falle eines Rechtsstreits. Sofern ersichtlich ist, dass die Daten nach Ablauf der 6-Monatsfrist erforderlich sein werden (z. B. aufgrund eines drohenden oder anh\u00e4ngigen Rechtsstreits), findet eine L\u00f6schung erst statt, wenn der Zweck f\u00fcr die weitergehende Aufbewahrung entf\u00e4llt. Eine l\u00e4ngere Aufbewahrung kann au\u00dferdem stattfinden, wenn Sie eine entsprechende Einwilligung (Art. 6 Abs. 1 lit. a DSGVO) erteilt haben oder wenn gesetzliche Aufbewahrungspflichten der L\u00f6schung entgegenstehen.<\/p><p><strong>7. Unsere Social-Media-Auftritte<\/strong><\/p><p><strong>Diese Datenschutzerkl\u00e4rung gilt f\u00fcr folgende Social-Media-Auftritte<\/strong><\/p><p><a href=\"https:\/\/www.instagram.com\/waldorfcampus.heilbronn\/\">https:\/\/www.instagram.com\/waldorfcampus.heilbronn\/<\/a><\/p><p><strong>Datenverarbeitung durch Soziale Netzwerke<\/strong><\/p><p>Wir unterhalten \u00f6ffentlich zug\u00e4ngliche Profile in sozialen Netzwerken. Die im Einzelnen von uns genutzten sozialen Netzwerke finden Sie weiter unten. Soziale Netzwerke wie Facebook, X etc. k\u00f6nnen Ihr Nutzerverhalten in der Regel umfassend analysieren, wenn Sie deren Website oder eine Website mit integrierten Social-Media-Inhalten (z. B. Like-Buttons oder Werbebannern) besuchen. Durch den Besuch unserer Social-Media-Pr\u00e4senzen werden zahlreiche datenschutzrelevante Verarbeitungsvorg\u00e4nge ausgel\u00f6st. Im Einzelnen: Wenn Sie in Ihrem Social-Media-Account eingeloggt sind und unsere Social-Media-Pr\u00e4senz besuchen, kann der Betreiber des Social-Media-Portals diesen Besuch Ihrem Benutzerkonto zuordnen. Ihre personenbezogenen Daten k\u00f6nnen unter Umst\u00e4nden aber auch dann erfasst werden, wenn Sie nicht eingeloggt sind oder keinen Account beim jeweiligen Social-Media-Portal besitzen. Diese Datenerfassung erfolgt in diesem Fall beispielsweise \u00fcber Cookies, die auf Ihrem Endger\u00e4t gespeichert werden oder durch Erfassung Ihrer IP-Adresse. Mit Hilfe der so erfassten Daten k\u00f6nnen die Betreiber der Social-Media-Portale Nutzerprofile erstellen, in denen Ihre Pr\u00e4ferenzen und Interessen hinterlegt sind. Auf diese Weise kann Ihnen interessenbezogene Werbung in- und au\u00dferhalb der jeweiligen Social-Media-Pr\u00e4senz angezeigt werden. Sofern Sie \u00fcber einen Account beim jeweiligen sozialen Netzwerk verf\u00fcgen, kann die interessenbezogene Werbung auf allen Ger\u00e4ten angezeigt werden, auf denen Sie eingeloggt sind oder eingeloggt waren. Bitte beachten Sie au\u00dferdem, dass wir nicht alle Verarbeitungsprozesse auf den Social-Media-Portalen nachvollziehen k\u00f6nnen. Je nach Anbieter k\u00f6nnen daher ggf. weitere Verarbeitungsvorg\u00e4nge von den Betreibern der Social-Media-Portale durchgef\u00fchrt werden. Details hierzu entnehmen Sie den Nutzungsbedingungen und Datenschutzbestimmungen der jeweiligen Social-Media-Portale.<\/p><p><strong>Rechtsgrundlage<\/strong><\/p><p>Unsere Social-Media-Auftritte sollen eine m\u00f6glichst umfassende Pr\u00e4senz im Internet gew\u00e4hrleisten. Hierbei handelt es sich um ein berechtigtes Interesse im Sinne von Art. 6 Abs. 1 lit. f DSGVO. Die von den sozialen Netzwerken initiierten Analyseprozesse beruhen ggf. auf abweichenden Rechtsgrundlagen, die von den Betreibern der sozialen Netzwerke anzugeben sind (z. B. Einwilligung im Sinne des Art. 6 Abs. 1 lit. a DSGVO).<\/p><p><strong>Verantwortlicher und Geltendmachung von Rechten<\/strong><\/p><p>Wenn Sie einen unserer Social-Media-Auftritte (z. B. Facebook) besuchen, sind wir gemeinsam mit dem Betreiber der Social-Media-Plattform f\u00fcr die bei diesem Besuch ausgel\u00f6sten Datenverarbeitungsvorg\u00e4nge verantwortlich. Sie k\u00f6nnen Ihre Rechte (Auskunft, Berichtigung, L\u00f6schung, Einschr\u00e4nkung der Verarbeitung, Daten\u00fcbertragbarkeit und Beschwerde) grunds\u00e4tzlich sowohl gg\u00fc. uns als auch gg\u00fc. dem Betreiber des jeweiligen Social-Media-Portals (z. B. gg\u00fc. Facebook) geltend machen. Bitte beachten Sie, dass wir trotz der gemeinsamen Verantwortlichkeit mit den Social-Media-Portal-Betreibern nicht vollumf\u00e4nglich Einfluss auf die Datenverarbeitungsvorg\u00e4nge der Social-Media-Portale haben. Unsere M\u00f6glichkeiten richten sich ma\u00dfgeblich nach der Unternehmenspolitik des jeweiligen Anbieters.<\/p><p><strong>Speicherdauer<\/strong><\/p><p>Die unmittelbar von uns \u00fcber die Social-Media-Pr\u00e4senz erfassten Daten werden von unseren Systemen gel\u00f6scht, sobald Sie uns zur L\u00f6schung auffordern, Ihre Einwilligung zur Speicherung widerrufen oder der Zweck f\u00fcr die Datenspeicherung entf\u00e4llt. Gespeicherte Cookies verbleiben auf Ihrem Endger\u00e4t, bis Sie sie l\u00f6schen. Zwingende gesetzliche Bestimmungen \u2013 insb. Aufbewahrungsfristen \u2013 bleiben unber\u00fchrt. Auf die Speicherdauer Ihrer Daten, die von den Betreibern der sozialen Netzwerke zu eigenen Zwecken gespeichert werden, haben wir keinen Einfluss. F\u00fcr Einzelheiten dazu informieren Sie sich bitte direkt bei den Betreibern der sozialen Netzwerke (z. B. in deren Datenschutzerkl\u00e4rung, siehe unten).<\/p><p><strong>Ihre Rechte<\/strong><\/p><p>Sie haben jederzeit das Recht, unentgeltlich Auskunft \u00fcber Herkunft, Empf\u00e4nger und Zweck Ihrer gespeicherten personenbezogenen Daten zu erhalten. Ihnen steht au\u00dferdem ein Recht auf Widerspruch, auf Daten\u00fcbertragbarkeit und ein Beschwerderecht bei der zust\u00e4ndigen Aufsichtsbeh\u00f6rde zu. Ferner k\u00f6nnen Sie die Berichtigung, Sperrung, L\u00f6schung und unter bestimmten Umst\u00e4nden die Einschr\u00e4nkung der Verarbeitung Ihrer personenbezogenen Daten verlangen.<\/p><\/div><p><strong>Soziale Netzwerke im Einzelnen<\/strong><\/p><p><strong>Instagram<\/strong><\/p><p>Wir verf\u00fcgen \u00fcber ein Profil bei Instagram. Anbieter dieses Dienstes ist die Meta Platforms Ireland Limited, Merrion Road, Dublin 4, D04 X2K5, Irland. Die Daten\u00fcbertragung in die USA wird auf die Standardvertragsklauseln der EU-Kommission gest\u00fctzt. Details finden Sie hier:\u00a0<span role=\"gridcell\"><a class=\"x1i10hfl xjbqb8w x1ejq31n xd10rxx x1sy0etr x17r0tee x972fbf xcfux6l x1qhh985 xm0m39n x9f619 x1ypdohk xt0psk2 xe8uvvx xdj266r x11i5rnm xat24cr x1mh8g0r xexx8yu x4uap5 x18d9i69 xkhd6sd x16tdsg8 xggy1nq x1a2a7pz xkrqix3 x1sur9pj x1s688f x7l2uk3 x1bvjpef\" tabindex=\"0\" role=\"link\" href=\"https:\/\/www.facebook.com\/legal\/EU_data_transfer_addendum\" target=\"_blank\" rel=\"nofollow noopener\">https:\/\/www.facebook.com\/legal\/EU_data_transfer_addendum<\/a><\/span>\u00a0und\u00a0<span role=\"gridcell\"><a class=\"x1i10hfl xjbqb8w x1ejq31n xd10rxx x1sy0etr x17r0tee x972fbf xcfux6l x1qhh985 xm0m39n x9f619 x1ypdohk xt0psk2 xe8uvvx xdj266r x11i5rnm xat24cr x1mh8g0r xexx8yu x4uap5 x18d9i69 xkhd6sd x16tdsg8 xggy1nq x1a2a7pz xkrqix3 x1sur9pj x1s688f x7l2uk3 x1bvjpef\" tabindex=\"0\" role=\"link\" href=\"https:\/\/de-de.facebook.com\/help\/566994660333381\" target=\"_blank\" rel=\"nofollow noopener\">https:\/\/de-de.facebook.com\/help\/566994660333381<\/a><\/span>. Details zu deren Umgang mit Ihren personenbezogenen Daten entnehmen Sie der Datenschutzerkl\u00e4rung von Instagram:\u00a0<span role=\"gridcell\"><a class=\"x1i10hfl xjbqb8w x1ejq31n xd10rxx x1sy0etr x17r0tee x972fbf xcfux6l x1qhh985 xm0m39n x9f619 x1ypdohk xt0psk2 xe8uvvx xdj266r x11i5rnm xat24cr x1mh8g0r xexx8yu x4uap5 x18d9i69 xkhd6sd x16tdsg8 xggy1nq x1a2a7pz xkrqix3 x1sur9pj x1s688f x7l2uk3 x1bvjpef\" tabindex=\"0\" role=\"link\" href=\"https:\/\/privacycenter.instagram.com\/policy\/\" target=\"_blank\" rel=\"noopener\">https:\/\/privacycenter.instagram.com\/policy\/<\/a><\/span>. Das Unternehmen verf\u00fcgt \u00fcber eine Zertifizierung nach dem \u201eEU-US Data Privacy Framework\u201c (DPF). Der DPF ist ein \u00dcbereinkommen zwischen der Europ\u00e4ischen Union und den USA, der die Einhaltung europ\u00e4ischer Datenschutzstandards bei Datenverarbeitungen in den USA gew\u00e4hrleisten soll. Jedes nach dem DPF zertifizierte Unternehmen verpflichtet sich, diese Datenschutzstandards einzuhalten. Weitere Informationen hierzu erhalten Sie vom Anbieter unter folgendem Link:\u00a0<span role=\"gridcell\"><a class=\"x1i10hfl xjbqb8w x1ejq31n xd10rxx x1sy0etr x17r0tee x972fbf xcfux6l x1qhh985 xm0m39n x9f619 x1ypdohk xt0psk2 xe8uvvx xdj266r x11i5rnm xat24cr x1mh8g0r xexx8yu x4uap5 x18d9i69 xkhd6sd x16tdsg8 xggy1nq x1a2a7pz xkrqix3 x1sur9pj x1s688f x7l2uk3 x1bvjpef\" tabindex=\"0\" role=\"link\" href=\"https:\/\/www.dataprivacyframework.gov\/participant\/4452\" target=\"_blank\" rel=\"nofollow noopener\">https:\/\/www.dataprivacyframework.gov\/participant\/4452<\/a><\/span><\/p>\t\t\t\t\t\t\t\t<\/div>\n\t\t\t\t<\/div>\n\t\t\t\t<div class=\"elementor-element elementor-element-ffdf847 elementor-widget elementor-widget-spacer\" data-id=\"ffdf847\" data-element_type=\"widget\" data-widget_type=\"spacer.default\">\n\t\t\t\t<div class=\"elementor-widget-container\">\n\t\t\t\t\t\t\t<div class=\"elementor-spacer\">\n\t\t\t<div class=\"elementor-spacer-inner\"><\/div>\n\t\t<\/div>\n\t\t\t\t\t\t<\/div>\n\t\t\t\t<\/div>\n\t\t<div class=\"elementor-element elementor-element-9126353 e-con-full e-flex e-con e-child\" data-id=\"9126353\" data-element_type=\"container\" data-settings=\"{&quot;background_background&quot;:&quot;classic&quot;}\">\n\t\t<div class=\"elementor-element elementor-element-f38c534 e-grid e-con-full e-con e-child\" data-id=\"f38c534\" data-element_type=\"container\">\n\t\t<div class=\"elementor-element elementor-element-811a67c e-grid e-con-full e-con e-child\" data-id=\"811a67c\" data-element_type=\"container\">\n\t\t\t\t<div class=\"elementor-element elementor-element-0183e2e elementor-widget elementor-widget-image\" data-id=\"0183e2e\" data-element_type=\"widget\" data-widget_type=\"image.default\">\n\t\t\t\t<div class=\"elementor-widget-container\">\n\t\t\t\t\t\t\t\t\t\t\t\t\t\t\t<img decoding=\"async\" width=\"1024\" height=\"1024\" src=\"https:\/\/waldorfcampus-hn.de\/wp-content\/uploads\/2023\/03\/waldorfcampus-heilbronn-logo-black.svg\" class=\"attachment-large size-large wp-image-958\" alt=\"\" \/>\t\t\t\t\t\t\t\t\t\t\t\t\t\t\t<\/div>\n\t\t\t\t<\/div>\n\t\t\t\t<div class=\"elementor-element elementor-element-4862bd9 elementor-widget elementor-widget-text-editor\" data-id=\"4862bd9\" data-element_type=\"widget\" data-widget_type=\"text-editor.default\">\n\t\t\t\t<div class=\"elementor-widget-container\">\n\t\t\t\t\t\t\t\t\t<p style=\"text-align: center;\">Verein f\u00fcr Waldorfp\u00e4dagogik Unterland e.V.<\/p><p style=\"text-align: center;\">Max-von-Laue-Stra\u00dfe 4<\/p><p style=\"text-align: center;\">74081 Heilbronn<\/p>\t\t\t\t\t\t\t\t<\/div>\n\t\t\t\t<\/div>\n\t\t\t\t<\/div>\n\t\t<div class=\"elementor-element elementor-element-09ea5e8 e-grid e-con-full e-con e-child\" data-id=\"09ea5e8\" data-element_type=\"container\">\n\t\t\t\t<div class=\"elementor-element elementor-element-49a4201 elementor-widget elementor-widget-text-editor\" data-id=\"49a4201\" data-element_type=\"widget\" data-widget_type=\"text-editor.default\">\n\t\t\t\t<div class=\"elementor-widget-container\">\n\t\t\t\t\t\t\t\t\t<p><strong>WALDORF-KINDERTAGESST\u00c4TTEN<\/strong><\/p><p><span style=\"text-decoration: underline;\"><a href=\"https:\/\/waldorfcampus-hn.de\/einfach\/waldorfpaedagogikbarrierefrei\/\">Waldorfp\u00e4dagogik von 0 bis 19 Jahren<\/a><\/span><\/p><p><a href=\"https:\/\/waldorfcampus-hn.de\/einfach\/organisatorisches-kindergarten-barrierefrei\/\"><span style=\"text-decoration: underline;\">Informationen Kindertagesst\u00e4tten<\/span><\/a><\/p><p><a href=\"https:\/\/waldorfcampus-hn.de\/einfach\/unsere-erzieherinnen-barrierefrei\/\"><span style=\"text-decoration: underline;\">Unser Kita-Team<\/span><\/a><\/p><p><a href=\"https:\/\/waldorfcampus-hn.de\/einfach\/anmeldung-kita-barrierefrei\/\"><span style=\"text-decoration: underline;\">Anmeldung Kita<\/span><\/a><\/p>\t\t\t\t\t\t\t\t<\/div>\n\t\t\t\t<\/div>\n\t\t\t\t<div class=\"elementor-element elementor-element-db93f53 elementor-widget elementor-widget-text-editor\" data-id=\"db93f53\" data-element_type=\"widget\" data-widget_type=\"text-editor.default\">\n\t\t\t\t<div class=\"elementor-widget-container\">\n\t\t\t\t\t\t\t\t\t<p><strong>FREIE WALDORFSCHULE HEILBRONN<\/strong><\/p><p><span style=\"text-decoration: underline;\"><a href=\"https:\/\/waldorfcampus-hn.de\/einfach\/waldorfpaedagogikbarrierefrei\/\">Waldorfp\u00e4dagogik von 0 bis 19 Jahren<\/a><\/span><\/p><p><a href=\"https:\/\/waldorfcampus-hn.de\/einfach\/organisatorisches-waldorfschule-barrierefrei\/\"><span style=\"text-decoration: underline;\">Informationen Waldorfschule<\/span><\/a><\/p><p><a href=\"https:\/\/waldorfcampus-hn.de\/einfach\/unsere-lehrerinnen-barrierefrei\/\"><span style=\"text-decoration: underline;\">Unsere Lehrkr\u00e4fte<\/span><\/a><\/p><p><a href=\"https:\/\/waldorfcampus-hn.de\/einfach\/anmeldung-schule-barrierefrei\/\"><span style=\"text-decoration: underline;\">Anmeldung Schule<\/span><\/a><\/p>\t\t\t\t\t\t\t\t<\/div>\n\t\t\t\t<\/div>\n\t\t\t\t<\/div>\n\t\t<div class=\"elementor-element elementor-element-b7ad684 e-grid e-con-full e-con e-child\" data-id=\"b7ad684\" data-element_type=\"container\">\n\t\t\t\t<div class=\"elementor-element elementor-element-603a0a1 elementor-widget elementor-widget-text-editor\" data-id=\"603a0a1\" data-element_type=\"widget\" data-widget_type=\"text-editor.default\">\n\t\t\t\t<div class=\"elementor-widget-container\">\n\t\t\t\t\t\t\t\t\t<p><strong>VEREIN<\/strong><\/p><p><a href=\"https:\/\/waldorfcampus-hn.de\/einfach\/struktur-geschichte-barrierefrei\/\"><span style=\"text-decoration: underline;\">Struktur und Geschichte<\/span><\/a><\/p><p><a href=\"https:\/\/waldorfcampus-hn.de\/einfach\/unser-team-barrierefrei\/\"><span style=\"text-decoration: underline;\">Unser Verwaltungs-Team<\/span><\/a><\/p><p><a href=\"https:\/\/waldorfcampus-hn.de\/einfach\/jobs-barrierefrei\/\" data-wplink-edit=\"true\"><span style=\"text-decoration: underline;\">Jobs<\/span><\/a><\/p>\t\t\t\t\t\t\t\t<\/div>\n\t\t\t\t<\/div>\n\t\t\t\t<div class=\"elementor-element elementor-element-2b73bdf elementor-widget elementor-widget-text-editor\" data-id=\"2b73bdf\" data-element_type=\"widget\" data-widget_type=\"text-editor.default\">\n\t\t\t\t<div class=\"elementor-widget-container\">\n\t\t\t\t\t\t\t\t\t<p><strong>SONSTIGES<\/strong><\/p><p><span style=\"text-decoration: underline;\"><a href=\"https:\/\/waldorfcampus-hn.de\/einfach\/\">Startseite<\/a><\/span><\/p><p><span style=\"text-decoration: underline;\"><a href=\"https:\/\/waldorfcampus-hn.de\/einfach\/barrierefreimenu\/\">Barrierefreies Men\u00fc<\/a><\/span><\/p><p><a href=\"https:\/\/waldorfcampus-hn.de\/einfach\/aktuelles-barrierefrei\/\"><span style=\"text-decoration: underline;\">Aktuelles<\/span><\/a><\/p><p><a href=\"https:\/\/waldorfcampus-hn.de\/einfach\/kontakt-barrierefrei\/\"><span style=\"text-decoration: underline;\">Kontakt<\/span><\/a><\/p>\t\t\t\t\t\t\t\t<\/div>\n\t\t\t\t<\/div>\n\t\t\t\t<\/div>\n\t\t\t\t<\/div>\n\t\t<div class=\"elementor-element elementor-element-de20e32 e-grid e-con-full e-con e-child\" data-id=\"de20e32\" data-element_type=\"container\">\n\t\t\t\t<div class=\"elementor-element elementor-element-cf702e7 elementor-widget-divider--view-line elementor-widget elementor-widget-divider\" data-id=\"cf702e7\" data-element_type=\"widget\" data-widget_type=\"divider.default\">\n\t\t\t\t<div class=\"elementor-widget-container\">\n\t\t\t\t\t\t\t<div class=\"elementor-divider\">\n\t\t\t<span class=\"elementor-divider-separator\">\n\t\t\t\t\t\t<\/span>\n\t\t<\/div>\n\t\t\t\t\t\t<\/div>\n\t\t\t\t<\/div>\n\t\t\t\t<div class=\"elementor-element elementor-element-1fe20a1 elementor-widget elementor-widget-text-editor\" data-id=\"1fe20a1\" data-element_type=\"widget\" data-widget_type=\"text-editor.default\">\n\t\t\t\t<div class=\"elementor-widget-container\">\n\t\t\t\t\t\t\t\t\t<p><span style=\"text-decoration: underline;\"><a href=\"https:\/\/waldorfcampus-hn.de\/einfach\/impressum-barrierefrei\/\">Impressum <\/a><\/span><a href=\"https:\/\/waldorfcampus-hn.de\/einfach\/datenschutz-barrierefrei\/\"><span style=\"text-decoration: underline;\">Datenschutz <\/span><\/a><span style=\"text-decoration: underline;\"><a href=\"https:\/\/waldorfcampus-hn.de\/einfach\/beschwerdestelle-barrierefrei\/\">Beschwerdestelle<\/a><\/span><\/p><p>Copyright \u00a9 2024 Waldorfcampus Heilbronn &#8211; Alle Rechte vorbehalten<\/p>\t\t\t\t\t\t\t\t<\/div>\n\t\t\t\t<\/div>\n\t\t\t\t<\/div>\n\t\t\t\t<\/div>\n\t\t\t\t<div class=\"elementor-element elementor-element-4f5b722 elementor-align-right elementor-fixed elementor-widget elementor-widget-button\" data-id=\"4f5b722\" data-element_type=\"widget\" data-settings=\"{&quot;_position&quot;:&quot;fixed&quot;}\" data-widget_type=\"button.default\">\n\t\t\t\t<div class=\"elementor-widget-container\">\n\t\t\t\t\t\t\t\t\t<div class=\"elementor-button-wrapper\">\n\t\t\t\t\t<a class=\"elementor-button elementor-button-link elementor-size-sm\" href=\"#Anfang\">\n\t\t\t\t\t\t<span class=\"elementor-button-content-wrapper\">\n\t\t\t\t\t\t\t\t\t<span class=\"elementor-button-text\">Zur\u00fcck zum Anfang<\/span>\n\t\t\t\t\t<\/span>\n\t\t\t\t\t<\/a>\n\t\t\t\t<\/div>\n\t\t\t\t\t\t\t\t<\/div>\n\t\t\t\t<\/div>\n\t\t\t\t\t<\/div>\n\t\t\t\t<\/div>\n\t\t\t\t<\/div>","protected":false},"excerpt":{"rendered":"<p>ZUR\u00dcCK ZUM BARRIEREFREIEN MEN\u00dc Datenschutzerkl\u00e4rung 1. Datenschutz auf einen Blick  [&#8230;]<\/p>","protected":false},"author":1,"featured_media":0,"parent":0,"menu_order":0,"comment_status":"closed","ping_status":"closed","template":"elementor_canvas","meta":{"inline_featured_image":false,"footnotes":""},"class_list":["post-6504","page","type-page","status-publish","hentry"],"yoast_head":"<!-- This site is optimized with the Yoast SEO plugin v26.8 - https:\/\/yoast.com\/product\/yoast-seo-wordpress\/ -->\n<title>Datenschutz barrierefrei - Waldorfcampus - Heilbronn<\/title>\n<meta name=\"robots\" content=\"index, follow, max-snippet:-1, max-image-preview:large, max-video-preview:-1\" \/>\n<link rel=\"canonical\" href=\"https:\/\/waldorfcampus-hn.de\/einfach\/datenschutz-barrierefrei\/\" \/>\n<meta property=\"og:locale\" content=\"de_DE\" \/>\n<meta property=\"og:type\" content=\"article\" \/>\n<meta property=\"og:title\" content=\"Datenschutz barrierefrei - Waldorfcampus - Heilbronn\" \/>\n<meta property=\"og:description\" content=\"ZUR\u00dcCK ZUM BARRIEREFREIEN MEN\u00dc Datenschutzerkl\u00e4rung 1. Datenschutz auf einen Blick [...]\" \/>\n<meta property=\"og:url\" content=\"https:\/\/waldorfcampus-hn.de\/einfach\/datenschutz-barrierefrei\/\" \/>\n<meta property=\"og:site_name\" content=\"Waldorfcampus - Heilbronn\" \/>\n<meta property=\"article:modified_time\" content=\"2025-06-29T13:37:11+00:00\" \/>\n<meta name=\"twitter:card\" content=\"summary_large_image\" \/>\n<meta name=\"twitter:label1\" content=\"Gesch\u00e4tzte Lesezeit\" \/>\n\t<meta name=\"twitter:data1\" content=\"19\u00a0Minuten\" \/>\n<script type=\"application\/ld+json\" class=\"yoast-schema-graph\">{\"@context\":\"https:\/\/schema.org\",\"@graph\":[{\"@type\":\"WebPage\",\"@id\":\"https:\/\/waldorfcampus-hn.de\/datenschutz-barrierefrei\/\",\"url\":\"https:\/\/waldorfcampus-hn.de\/datenschutz-barrierefrei\/\",\"name\":\"Datenschutz barrierefrei - Waldorfcampus - Heilbronn\",\"isPartOf\":{\"@id\":\"https:\/\/waldorfcampus-hn.de\/#website\"},\"primaryImageOfPage\":{\"@id\":\"https:\/\/waldorfcampus-hn.de\/datenschutz-barrierefrei\/#primaryimage\"},\"image\":{\"@id\":\"https:\/\/waldorfcampus-hn.de\/datenschutz-barrierefrei\/#primaryimage\"},\"thumbnailUrl\":\"https:\/\/waldorfcampus-hn.de\/wp-content\/uploads\/2023\/02\/waldorfcampus-heilbronn-logo.svg\",\"datePublished\":\"2025-05-23T13:51:19+00:00\",\"dateModified\":\"2025-06-29T13:37:11+00:00\",\"breadcrumb\":{\"@id\":\"https:\/\/waldorfcampus-hn.de\/datenschutz-barrierefrei\/#breadcrumb\"},\"inLanguage\":\"de\",\"potentialAction\":[{\"@type\":\"ReadAction\",\"target\":[\"https:\/\/waldorfcampus-hn.de\/datenschutz-barrierefrei\/\"]}]},{\"@type\":\"ImageObject\",\"inLanguage\":\"de\",\"@id\":\"https:\/\/waldorfcampus-hn.de\/datenschutz-barrierefrei\/#primaryimage\",\"url\":\"https:\/\/waldorfcampus-hn.de\/wp-content\/uploads\/2023\/02\/waldorfcampus-heilbronn-logo.svg\",\"contentUrl\":\"https:\/\/waldorfcampus-hn.de\/wp-content\/uploads\/2023\/02\/waldorfcampus-heilbronn-logo.svg\"},{\"@type\":\"BreadcrumbList\",\"@id\":\"https:\/\/waldorfcampus-hn.de\/datenschutz-barrierefrei\/#breadcrumb\",\"itemListElement\":[{\"@type\":\"ListItem\",\"position\":1,\"name\":\"Startseite\",\"item\":\"https:\/\/waldorfcampus-hn.de\/\"},{\"@type\":\"ListItem\",\"position\":2,\"name\":\"Datenschutz barrierefrei\"}]},{\"@type\":\"WebSite\",\"@id\":\"https:\/\/waldorfcampus-hn.de\/#website\",\"url\":\"https:\/\/waldorfcampus-hn.de\/\",\"name\":\"Waldorfcampus - Heilbronn\",\"description\":\"Kindertagesst\u00e4tten in Heilbronn &amp; Lauffen | Freie Waldorfschule Heilbronn mit staatlich anerkanntem Realschulabschlu\u00df und Abitur\",\"potentialAction\":[{\"@type\":\"SearchAction\",\"target\":{\"@type\":\"EntryPoint\",\"urlTemplate\":\"https:\/\/waldorfcampus-hn.de\/?s={search_term_string}\"},\"query-input\":{\"@type\":\"PropertyValueSpecification\",\"valueRequired\":true,\"valueName\":\"search_term_string\"}}],\"inLanguage\":\"de\"}]}<\/script>\n<!-- \/ Yoast SEO plugin. -->","yoast_head_json":{"title":"Datenschutz barrierefrei - Waldorfcampus - Heilbronn","robots":{"index":"index","follow":"follow","max-snippet":"max-snippet:-1","max-image-preview":"max-image-preview:large","max-video-preview":"max-video-preview:-1"},"canonical":"https:\/\/waldorfcampus-hn.de\/einfach\/datenschutz-barrierefrei\/","og_locale":"de_DE","og_type":"article","og_title":"Datenschutz barrierefrei - Waldorfcampus - Heilbronn","og_description":"ZUR\u00dcCK ZUM BARRIEREFREIEN MEN\u00dc Datenschutzerkl\u00e4rung 1. Datenschutz auf einen Blick [...]","og_url":"https:\/\/waldorfcampus-hn.de\/einfach\/datenschutz-barrierefrei\/","og_site_name":"Waldorfcampus - Heilbronn","article_modified_time":"2025-06-29T13:37:11+00:00","twitter_card":"summary_large_image","twitter_misc":{"Gesch\u00e4tzte Lesezeit":"19\u00a0Minuten"},"schema":{"@context":"https:\/\/schema.org","@graph":[{"@type":"WebPage","@id":"https:\/\/waldorfcampus-hn.de\/datenschutz-barrierefrei\/","url":"https:\/\/waldorfcampus-hn.de\/datenschutz-barrierefrei\/","name":"Datenschutz barrierefrei - Waldorfcampus - Heilbronn","isPartOf":{"@id":"https:\/\/waldorfcampus-hn.de\/#website"},"primaryImageOfPage":{"@id":"https:\/\/waldorfcampus-hn.de\/datenschutz-barrierefrei\/#primaryimage"},"image":{"@id":"https:\/\/waldorfcampus-hn.de\/datenschutz-barrierefrei\/#primaryimage"},"thumbnailUrl":"https:\/\/waldorfcampus-hn.de\/wp-content\/uploads\/2023\/02\/waldorfcampus-heilbronn-logo.svg","datePublished":"2025-05-23T13:51:19+00:00","dateModified":"2025-06-29T13:37:11+00:00","breadcrumb":{"@id":"https:\/\/waldorfcampus-hn.de\/datenschutz-barrierefrei\/#breadcrumb"},"inLanguage":"de","potentialAction":[{"@type":"ReadAction","target":["https:\/\/waldorfcampus-hn.de\/datenschutz-barrierefrei\/"]}]},{"@type":"ImageObject","inLanguage":"de","@id":"https:\/\/waldorfcampus-hn.de\/datenschutz-barrierefrei\/#primaryimage","url":"https:\/\/waldorfcampus-hn.de\/wp-content\/uploads\/2023\/02\/waldorfcampus-heilbronn-logo.svg","contentUrl":"https:\/\/waldorfcampus-hn.de\/wp-content\/uploads\/2023\/02\/waldorfcampus-heilbronn-logo.svg"},{"@type":"BreadcrumbList","@id":"https:\/\/waldorfcampus-hn.de\/datenschutz-barrierefrei\/#breadcrumb","itemListElement":[{"@type":"ListItem","position":1,"name":"Startseite","item":"https:\/\/waldorfcampus-hn.de\/"},{"@type":"ListItem","position":2,"name":"Datenschutz barrierefrei"}]},{"@type":"WebSite","@id":"https:\/\/waldorfcampus-hn.de\/#website","url":"https:\/\/waldorfcampus-hn.de\/","name":"Waldorfcampus - Heilbronn","description":"Kindertagesst\u00e4tten in Heilbronn &amp; Lauffen | Freie Waldorfschule Heilbronn mit staatlich anerkanntem Realschulabschlu\u00df und Abitur","potentialAction":[{"@type":"SearchAction","target":{"@type":"EntryPoint","urlTemplate":"https:\/\/waldorfcampus-hn.de\/?s={search_term_string}"},"query-input":{"@type":"PropertyValueSpecification","valueRequired":true,"valueName":"search_term_string"}}],"inLanguage":"de"}]}},"_links":{"self":[{"href":"https:\/\/waldorfcampus-hn.de\/einfach\/wp-json\/wp\/v2\/pages\/6504","targetHints":{"allow":["GET"]}}],"collection":[{"href":"https:\/\/waldorfcampus-hn.de\/einfach\/wp-json\/wp\/v2\/pages"}],"about":[{"href":"https:\/\/waldorfcampus-hn.de\/einfach\/wp-json\/wp\/v2\/types\/page"}],"author":[{"embeddable":true,"href":"https:\/\/waldorfcampus-hn.de\/einfach\/wp-json\/wp\/v2\/users\/1"}],"replies":[{"embeddable":true,"href":"https:\/\/waldorfcampus-hn.de\/einfach\/wp-json\/wp\/v2\/comments?post=6504"}],"version-history":[{"count":19,"href":"https:\/\/waldorfcampus-hn.de\/einfach\/wp-json\/wp\/v2\/pages\/6504\/revisions"}],"predecessor-version":[{"id":6849,"href":"https:\/\/waldorfcampus-hn.de\/einfach\/wp-json\/wp\/v2\/pages\/6504\/revisions\/6849"}],"wp:attachment":[{"href":"https:\/\/waldorfcampus-hn.de\/einfach\/wp-json\/wp\/v2\/media?parent=6504"}],"curies":[{"name":"wp","href":"https:\/\/api.w.org\/{rel}","templated":true}]}}